{"id":43,"date":"2026-04-26T11:01:06","date_gmt":"2026-04-26T11:01:06","guid":{"rendered":"https:\/\/esoma.space\/faq\/"},"modified":"2026-04-26T11:09:20","modified_gmt":"2026-04-26T11:09:20","slug":"faq","status":"publish","type":"page","link":"https:\/\/esoma.space\/en\/faq\/","title":{"rendered":"FAQ"},"content":{"rendered":"<div class=\"wp-block-group alignfull is-style-ext-preset--group--natural-1--section has-background-background-color has-background has-global-padding is-layout-constrained wp-container-core-group-is-layout-e955bbaf wp-block-group-is-layout-constrained is-style-ext-preset--group--natural-1--section--2\" id=\"faq\" style=\"margin-top:0;margin-bottom:0;padding-top:var(--wp--preset--spacing--70);padding-bottom:var(--wp--preset--spacing--70)\">\n<h2 class=\"wp-block-heading has-text-align-center\">Erlebe tiefgehende Bewusstseinsentwicklung durch Embodied Yoga und Coaching<\/h2>\n\n\n\n<p class=\"has-text-align-center ext-animate--on\" style=\"margin-top:1.5rem\">Hier findest du Antworten auf h\u00e4ufig gestellte Fragen, die dir schnelle Orientierung zu ESOMA bieten.<\/p>\n\n\n\n<div class=\"wp-block-group alignwide has-global-padding is-content-justification-center is-layout-constrained wp-container-core-group-is-layout-8f997a6a wp-block-group-is-layout-constrained\">\n<div class=\"wp-block-group is-style-ext-preset--group--natural-1--item-card-1--align-start ext-animate--on is-layout-flow wp-block-group-is-layout-flow is-style-ext-preset--group--natural-1--item-card-1--align-start--3\">\n<div class=\"wp-block-group is-style-default is-layout-flow wp-block-group-is-layout-flow\">\n<h3 class=\"wp-block-heading\">Wie unterst\u00fctzt ESOMA meine pers\u00f6nliche Entwicklung?<\/h3>\n\n\n\n<p>Unser Ansatz kombiniert Bewegung und Coaching, um emotionale Prozesse zu f\u00f6rdern und nachhaltige Ver\u00e4nderungen zu erm\u00f6glichen.<\/p>\n<\/div>\n<\/div>\n\n\n\n<div class=\"wp-block-group is-style-ext-preset--group--natural-1--item-card-1--align-start ext-animate--on is-layout-flow wp-block-group-is-layout-flow is-style-ext-preset--group--natural-1--item-card-1--align-start--4\">\n<div class=\"wp-block-group is-style-default is-layout-flow wp-block-group-is-layout-flow\">\n<h3 class=\"wp-block-heading\">F\u00fcr wen ist das ESOMA-Programm geeignet?<\/h3>\n\n\n\n<p>F\u00fcr alle, die k\u00f6rperliche Achtsamkeit mit innerem Wachstum verbinden m\u00f6chten \u2013 unabh\u00e4ngig von Vorerfahrungen.<\/p>\n<\/div>\n<\/div>\n\n\n\n<div class=\"wp-block-group is-style-ext-preset--group--natural-1--item-card-1--align-start ext-animate--on is-layout-flow wp-block-group-is-layout-flow is-style-ext-preset--group--natural-1--item-card-1--align-start--5\">\n<div class=\"wp-block-group is-style-default is-layout-flow wp-block-group-is-layout-flow\">\n<h3 class=\"wp-block-heading\">Wie laufen die Kurse und Coachings bei ESOMA ab?<\/h3>\n\n\n\n<p>Wir bieten individuelle Sitzungen und Gruppenangebote, die auf deine Bed\u00fcrfnisse abgestimmt sind.<\/p>\n<\/div>\n<\/div>\n\n\n\n<div class=\"wp-block-group is-style-ext-preset--group--natural-1--item-card-1--align-start ext-animate--on is-layout-flow wp-block-group-is-layout-flow is-style-ext-preset--group--natural-1--item-card-1--align-start--6\">\n<div class=\"wp-block-group is-style-default is-layout-flow wp-block-group-is-layout-flow\">\n<h3 class=\"wp-block-heading\">Welche Vorteile bietet Embodied Yoga gegen\u00fcber traditionellem Yoga?<\/h3>\n\n\n\n<p>ESOMA integriert therapeutische Elemente, die \u00fcber klassische Yoga\u00fcbungen hinaus tiefere emotionale Einsichten erm\u00f6glichen.<\/p>\n<\/div>\n<\/div>\n<\/div>\n<\/div>\n\n<div class=\"wp-block-group alignfull is-style-ext-preset--group--natural-1--section has-tertiary-background-color has-background has-global-padding is-layout-constrained wp-container-core-group-is-layout-e955bbaf wp-block-group-is-layout-constrained is-style-ext-preset--group--natural-1--section--7\" style=\"margin-top:0;margin-bottom:0;padding-top:var(--wp--preset--spacing--70);padding-bottom:var(--wp--preset--spacing--70)\">\n<div class=\"wp-block-group alignwide ext-is-logical-start has-global-padding is-content-justification-left is-layout-constrained wp-container-core-group-is-layout-6729bdbe wp-block-group-is-layout-constrained\">\n<h2 class=\"wp-block-heading ext-animate--on\">Wie ESOMA funktioniert<\/h2>\n\n\n\n<p class=\"ext-animate--on\">Dieser Abschnitt beschreibt unseren k\u00f6rperorientierten Ansatz und zeigt, wie Sie mit Embodied Yoga &amp; Coaching Bewusstsein und nachhaltige Ver\u00e4nderung erleben k\u00f6nnen.<\/p>\n<\/div>\n\n\n\n<div class=\"wp-block-columns alignwide is-layout-flex wp-container-core-columns-is-layout-08c01c1c wp-block-columns-is-layout-flex\">\n<div class=\"wp-block-column is-vertically-aligned-stretch ext-animate--on is-layout-flow wp-container-core-column-is-layout-f5bb311e wp-block-column-is-layout-flow\">\n<div class=\"wp-block-group is-style-ext-preset--group--natural-1--item-card-1--align-start has-global-padding is-layout-constrained wp-block-group-is-layout-constrained is-style-ext-preset--group--natural-1--item-card-1--align-start--8\">\n<div class=\"wp-block-group is-style-default has-global-padding is-layout-constrained wp-block-group-is-layout-constrained\">\n<figure class=\"wp-block-image size-large ext-aspect-landscape wp-duotone-primary-foreground\"><img decoding=\"async\" src=\"data:image\/svg+xml;base64,PHN2ZyB4bWxucz0iaHR0cDovL3d3dy53My5vcmcvMjAwMC9zdmciIHdpZHRoPSI0OCIgaGVpZ2h0PSI0OCIgZmlsbD0iIzAwMDAwMCIgdmlld0JveD0iMCAwIDI1NiAyNTYiPjxwYXRoIGQ9Ik0xMjgsMjRBMTA0LDEwNCwwLDEsMCwyMzIsMTI4LDEwNC4xMSwxMDQuMTEsMCwwLDAsMTI4LDI0Wm0wLDE5MmE4OCw4OCwwLDEsMSw4OC04OEE4OC4xLDg4LjEsMCwwLDEsMTI4LDIxNlpNMTQwLDgwdjk2YTgsOCwwLDAsMS0xNiwwVjk1bC0xMS41Niw3LjcxYTgsOCwwLDEsMS04Ljg4LTEzLjMybDI0LTE2QTgsOCwwLDAsMSwxNDAsODBaIj48L3BhdGg+PC9zdmc+\" alt=\"\" style=\"object-fit:cover\"\/><\/figure>\n\n\n\n<h3 class=\"wp-block-heading\">Erster Schritt: Bewusst werden<\/h3>\n\n\n\n<p>Zu Beginn lernen Sie, Ihre K\u00f6rperwahrnehmung zu sch\u00e4rfen und emotionale Blockaden zu erkennen, um eine solide Basis f\u00fcr Ihre pers\u00f6nliche Entwicklung zu schaffen.<\/p>\n<\/div>\n<\/div>\n<\/div>\n\n\n\n<div class=\"wp-block-column is-vertically-aligned-stretch ext-animate--on is-layout-flow wp-container-core-column-is-layout-f5bb311e wp-block-column-is-layout-flow\">\n<div class=\"wp-block-group is-style-ext-preset--group--natural-1--item-card-1--align-start has-global-padding is-layout-constrained wp-block-group-is-layout-constrained is-style-ext-preset--group--natural-1--item-card-1--align-start--9\">\n<div class=\"wp-block-group is-style-default has-global-padding is-layout-constrained wp-block-group-is-layout-constrained\">\n<figure class=\"wp-block-image size-large ext-aspect-landscape wp-duotone-primary-foreground\"><img decoding=\"async\" src=\"data:image\/svg+xml;base64,PHN2ZyB4bWxucz0iaHR0cDovL3d3dy53My5vcmcvMjAwMC9zdmciIHdpZHRoPSI0OCIgaGVpZ2h0PSI0OCIgZmlsbD0iIzAwMDAwMCIgdmlld0JveD0iMCAwIDI1NiAyNTYiPjxwYXRoIGQ9Ik0xMjgsMjRBMTA0LDEwNCwwLDEsMCwyMzIsMTI4LDEwNC4xMSwxMDQuMTEsMCwwLDAsMTI4LDI0Wm0wLDE5MmE4OCw4OCwwLDEsMSw4OC04OEE4OC4xLDg4LjEsMCwwLDEsMTI4LDIxNlptMjUuNTYtOTIuNzRMMTIwLDE2OGgzMmE4LDgsMCwwLDEsMCwxNkgxMDRhOCw4LDAsMCwxLTYuNC0xMi44bDQzLjE3LTU3LjU2YTE2LDE2LDAsMSwwLTI3Ljg2LTE1LDgsOCwwLDAsMS0xNS4wOS01LjM0LDMyLDMyLDAsMSwxLDU1Ljc0LDI5LjkzWiI+PC9wYXRoPjwvc3ZnPg==\" alt=\"\" style=\"object-fit:cover\"\/><\/figure>\n\n\n\n<h3 class=\"wp-block-heading\">Zweiter Schritt: Integration<\/h3>\n\n\n\n<p>Im n\u00e4chsten Schritt verbinden Sie Bewegung mit Coaching-Methoden, um emotionale Prozesse zu verarbeiten und tiefgreifende Ver\u00e4nderungen zu f\u00f6rdern.<\/p>\n<\/div>\n<\/div>\n<\/div>\n\n\n\n<div class=\"wp-block-column is-vertically-aligned-stretch ext-animate--on is-layout-flow wp-container-core-column-is-layout-f5bb311e wp-block-column-is-layout-flow\">\n<div class=\"wp-block-group is-style-ext-preset--group--natural-1--item-card-1--align-start has-global-padding is-layout-constrained wp-block-group-is-layout-constrained is-style-ext-preset--group--natural-1--item-card-1--align-start--10\">\n<div class=\"wp-block-group is-style-default has-global-padding is-layout-constrained wp-block-group-is-layout-constrained\">\n<figure class=\"wp-block-image size-large ext-aspect-landscape wp-duotone-primary-foreground\"><img decoding=\"async\" src=\"data:image\/svg+xml;base64,PHN2ZyB4bWxucz0iaHR0cDovL3d3dy53My5vcmcvMjAwMC9zdmciIHdpZHRoPSI0OCIgaGVpZ2h0PSI0OCIgZmlsbD0iIzAwMDAwMCIgdmlld0JveD0iMCAwIDI1NiAyNTYiPjxwYXRoIGQ9Ik0xMjgsMjRBMTA0LDEwNCwwLDEsMCwyMzIsMTI4LDEwNC4xMSwxMDQuMTEsMCwwLDAsMTI4LDI0Wm0wLDE5MmE4OCw4OCwwLDEsMSw4OC04OEE4OC4xLDg4LjEsMCwwLDEsMTI4LDIxNlptMzItNjRhMzYsMzYsMCwwLDEtNjEuNzEsMjUuMTlBOCw4LDAsMSwxLDEwOS43MSwxNjYsMjAsMjAsMCwxLDAsMTI0LDEzMmE4LDgsMCwwLDEtNi41NS0xMi41OUwxMzYuNjMsOTJIMTA0YTgsOCwwLDAsMSwwLTE2aDQ4YTgsOCwwLDAsMSw2LjU1LDEyLjU5bC0yMSwzMEEzNi4wNywzNi4wNywwLDAsMSwxNjAsMTUyWiI+PC9wYXRoPjwvc3ZnPg==\" alt=\"\" style=\"object-fit:cover\"\/><\/figure>\n\n\n\n<h3 class=\"wp-block-heading\">Dritter Schritt: Transformation<\/h3>\n\n\n\n<p>Abschlie\u00dfend begleiten wir Sie dabei, das Erlebte zu verankern und nachhaltig in Ihren Alltag zu integrieren, um Ihr Wohlbefinden dauerhaft zu steigern.<\/p>\n<\/div>\n<\/div>\n<\/div>\n<\/div>\n<\/div>\n\n<div class=\"wp-block-group alignfull is-style-ext-preset--group--natural-1--section has-background-background-color has-background has-global-padding is-layout-constrained wp-container-core-group-is-layout-e955bbaf wp-block-group-is-layout-constrained is-style-ext-preset--group--natural-1--section--11\" id=\"dienstleistungen\" style=\"margin-top:0;margin-bottom:0;padding-top:var(--wp--preset--spacing--70);padding-bottom:var(--wp--preset--spacing--70)\">\n<div class=\"wp-block-group alignwide ext-is-logical-start has-global-padding is-content-justification-left is-layout-constrained wp-container-core-group-is-layout-6729bdbe wp-block-group-is-layout-constrained\">\n<h2 class=\"wp-block-heading ext-animate--on\">Ganzheitliches Embodied Yoga f\u00fcr nachhaltige Transformation<\/h2>\n\n\n\n<p class=\"has-text-align-left ext-animate--on\">Entdecke unsere vielf\u00e4ltigen Angebote, die K\u00f6rper und Geist in Einklang bringen und deine innere Balance st\u00e4rken.<\/p>\n<\/div>\n\n\n\n<div class=\"wp-block-columns alignwide is-layout-flex wp-container-core-columns-is-layout-08c01c1c wp-block-columns-is-layout-flex\">\n<div class=\"wp-block-column ext-animate--on is-layout-flow wp-block-column-is-layout-flow\">\n<div class=\"wp-block-group is-style-ext-preset--group--natural-1--item-card-1--align-start has-global-padding is-layout-constrained wp-block-group-is-layout-constrained is-style-ext-preset--group--natural-1--item-card-1--align-start--12\">\n<figure class=\"wp-block-image\"><img loading=\"lazy\" decoding=\"async\" width=\"1440\" height=\"960\" class=\"wp-image-55\" src=\"https:\/\/esoma.space\/wp-content\/uploads\/2026\/04\/7cb48045894236f11bae7fc9ee78e5d0537ed0c2.jpg\" alt=\"\" style=\"aspect-ratio:4\/3;object-fit:cover\" srcset=\"https:\/\/esoma.space\/wp-content\/uploads\/2026\/04\/7cb48045894236f11bae7fc9ee78e5d0537ed0c2.jpg 1440w, https:\/\/esoma.space\/wp-content\/uploads\/2026\/04\/7cb48045894236f11bae7fc9ee78e5d0537ed0c2-300x200.jpg 300w, https:\/\/esoma.space\/wp-content\/uploads\/2026\/04\/7cb48045894236f11bae7fc9ee78e5d0537ed0c2-1024x683.jpg 1024w, https:\/\/esoma.space\/wp-content\/uploads\/2026\/04\/7cb48045894236f11bae7fc9ee78e5d0537ed0c2-768x512.jpg 768w, https:\/\/esoma.space\/wp-content\/uploads\/2026\/04\/7cb48045894236f11bae7fc9ee78e5d0537ed0c2-18x12.jpg 18w\" sizes=\"auto, (max-width: 1440px) 100vw, 1440px\" \/><\/figure>\n\n\n\n<div class=\"wp-block-group is-style-default has-global-padding is-layout-constrained wp-block-group-is-layout-constrained\">\n<h3 class=\"wp-block-heading\">Embodied Yoga Sessions<\/h3>\n\n\n\n<p>Unsere Yoga-Einheiten f\u00f6rdern Achtsamkeit und f\u00f6rdern dein k\u00f6rperliches sowie emotionales Wohlbefinden.<\/p>\n<\/div>\n<\/div>\n<\/div>\n\n\n\n<div class=\"wp-block-column ext-animate--on is-layout-flow wp-block-column-is-layout-flow\">\n<div class=\"wp-block-group is-style-ext-preset--group--natural-1--item-card-1--align-start has-global-padding is-layout-constrained wp-block-group-is-layout-constrained is-style-ext-preset--group--natural-1--item-card-1--align-start--13\">\n<figure class=\"wp-block-image\"><img loading=\"lazy\" decoding=\"async\" width=\"1440\" height=\"908\" class=\"wp-image-56\" src=\"https:\/\/esoma.space\/wp-content\/uploads\/2026\/04\/6157560f5b3a8f8cb9e4c5a3fc2b0de67a8fde92.jpg\" alt=\"\" style=\"aspect-ratio:4\/3;object-fit:cover\" srcset=\"https:\/\/esoma.space\/wp-content\/uploads\/2026\/04\/6157560f5b3a8f8cb9e4c5a3fc2b0de67a8fde92.jpg 1440w, https:\/\/esoma.space\/wp-content\/uploads\/2026\/04\/6157560f5b3a8f8cb9e4c5a3fc2b0de67a8fde92-300x189.jpg 300w, https:\/\/esoma.space\/wp-content\/uploads\/2026\/04\/6157560f5b3a8f8cb9e4c5a3fc2b0de67a8fde92-1024x646.jpg 1024w, https:\/\/esoma.space\/wp-content\/uploads\/2026\/04\/6157560f5b3a8f8cb9e4c5a3fc2b0de67a8fde92-768x484.jpg 768w, https:\/\/esoma.space\/wp-content\/uploads\/2026\/04\/6157560f5b3a8f8cb9e4c5a3fc2b0de67a8fde92-18x12.jpg 18w\" sizes=\"auto, (max-width: 1440px) 100vw, 1440px\" \/><\/figure>\n\n\n\n<div class=\"wp-block-group is-style-default has-global-padding is-layout-constrained wp-block-group-is-layout-constrained\">\n<h3 class=\"wp-block-heading\">Pers\u00f6nliches Coaching<\/h3>\n\n\n\n<p>Individuell abgestimmte Coachings unterst\u00fctzen dich dabei, innere Blockaden aufzul\u00f6sen und Wachstum zu erm\u00f6glichen.<\/p>\n<\/div>\n<\/div>\n<\/div>\n\n\n\n<div class=\"wp-block-column ext-animate--on is-layout-flow wp-block-column-is-layout-flow\">\n<div class=\"wp-block-group is-style-ext-preset--group--natural-1--item-card-1--align-start has-global-padding is-layout-constrained wp-block-group-is-layout-constrained is-style-ext-preset--group--natural-1--item-card-1--align-start--14\">\n<figure class=\"wp-block-image\"><img loading=\"lazy\" decoding=\"async\" width=\"1440\" height=\"1080\" class=\"wp-image-57\" src=\"https:\/\/esoma.space\/wp-content\/uploads\/2026\/04\/e416354278449c8a38679999c31b80ff904b3474.jpg\" alt=\"\" style=\"aspect-ratio:4\/3;object-fit:cover\" srcset=\"https:\/\/esoma.space\/wp-content\/uploads\/2026\/04\/e416354278449c8a38679999c31b80ff904b3474.jpg 1440w, https:\/\/esoma.space\/wp-content\/uploads\/2026\/04\/e416354278449c8a38679999c31b80ff904b3474-300x225.jpg 300w, https:\/\/esoma.space\/wp-content\/uploads\/2026\/04\/e416354278449c8a38679999c31b80ff904b3474-1024x768.jpg 1024w, https:\/\/esoma.space\/wp-content\/uploads\/2026\/04\/e416354278449c8a38679999c31b80ff904b3474-768x576.jpg 768w, https:\/\/esoma.space\/wp-content\/uploads\/2026\/04\/e416354278449c8a38679999c31b80ff904b3474-16x12.jpg 16w\" sizes=\"auto, (max-width: 1440px) 100vw, 1440px\" \/><\/figure>\n\n\n\n<div class=\"wp-block-group is-style-default has-global-padding is-layout-constrained wp-block-group-is-layout-constrained\">\n<h3 class=\"wp-block-heading\">Workshops und Retreats<\/h3>\n\n\n\n<p>Unsere Workshops verbinden Bewegung und Selbsterfahrung f\u00fcr tiefgreifende und nachhaltige Ver\u00e4nderungen.<\/p>\n<\/div>\n<\/div>\n<\/div>\n<\/div>\n<\/div>","protected":false},"excerpt":{"rendered":"<p>Erlebe tiefgehende Bewusstseinsentwicklung durch Embodied Yoga und Coaching Hier findest du Antworten auf h\u00e4ufig gestellte Fragen, die dir schnelle Orientierung zu ESOMA bieten. Wie unterst\u00fctzt ESOMA meine pers\u00f6nliche Entwicklung? Unser Ansatz kombiniert Bewegung und Coaching, um emotionale Prozesse zu f\u00f6rdern und nachhaltige Ver\u00e4nderungen zu erm\u00f6glichen. F\u00fcr wen ist das ESOMA-Programm geeignet? F\u00fcr alle, die k\u00f6rperliche [&hellip;]<\/p>\n","protected":false},"author":1,"featured_media":0,"parent":0,"menu_order":0,"comment_status":"closed","ping_status":"closed","template":"page-with-title","meta":{"inline_featured_image":false,"footnotes":""},"class_list":["post-43","page","type-page","status-publish","hentry"],"_links":{"self":[{"href":"https:\/\/esoma.space\/en\/wp-json\/wp\/v2\/pages\/43","targetHints":{"allow":["GET"]}}],"collection":[{"href":"https:\/\/esoma.space\/en\/wp-json\/wp\/v2\/pages"}],"about":[{"href":"https:\/\/esoma.space\/en\/wp-json\/wp\/v2\/types\/page"}],"author":[{"embeddable":true,"href":"https:\/\/esoma.space\/en\/wp-json\/wp\/v2\/users\/1"}],"replies":[{"embeddable":true,"href":"https:\/\/esoma.space\/en\/wp-json\/wp\/v2\/comments?post=43"}],"version-history":[{"count":1,"href":"https:\/\/esoma.space\/en\/wp-json\/wp\/v2\/pages\/43\/revisions"}],"predecessor-version":[{"id":58,"href":"https:\/\/esoma.space\/en\/wp-json\/wp\/v2\/pages\/43\/revisions\/58"}],"wp:attachment":[{"href":"https:\/\/esoma.space\/en\/wp-json\/wp\/v2\/media?parent=43"}],"curies":[{"name":"wp","href":"https:\/\/api.w.org\/{rel}","templated":true}]}}